{"id":2900,"date":"2021-04-20T11:43:23","date_gmt":"2021-04-20T09:43:23","guid":{"rendered":"https:\/\/procenter.habitissimo.es\/?post_type=documento&#038;p=2900"},"modified":"2021-04-21T11:40:25","modified_gmt":"2021-04-21T09:40:25","slug":"informe-sobre-el-estado-del-sector-de-la-reforma-marzo-2021","status":"publish","type":"documento","link":"https:\/\/www.habitissimo.es\/procenter\/documento\/informe-sobre-el-estado-del-sector-de-la-reforma-marzo-2021\/","title":{"rendered":"Informe sobre el estado del sector de la reforma - Marzo 2021"},"content":{"rendered":"\n<figure class=\"wp-block-image size-large\"><img decoding=\"async\" src=\"blob:https:\/\/www.habitissimo.es\/procenter\/215424dd-3a26-4056-b473-4a88533fc246\" alt=\"\"\/><\/figure>\n\n\n\n<p>habitissimo ha elaborado su&nbsp;<a href=\"https:\/\/www.habitissimo.es\/procenter\/wp-content\/uploads\/2021\/04\/Informe-sobre-el-sector-de-la-Reforma-Marzo-2021.pdf\">informe mensual para conocer el estado del sector de la reforma y reparaci\u00f3n en Espa\u00f1a durante el mes de marzo de 2021<\/a><a href=\"https:\/\/www.habitissimo.es\/procenter\/wp-content\/uploads\/2021\/03\/Informe-sobre-el-sector-de-la-Reforma-Febrero-2021.pdf\" target=\"_blank\" rel=\"noreferrer noopener\">.<\/a>&nbsp;Algunas de sus conclusiones:<\/p>\n\n\n\n<ul class=\"wp-block-list\"><li><strong>La ocupaci\u00f3n en el sector <\/strong>(1.267.996 ocupados) registra una<strong> variaci\u00f3n interanual de +3,7%<\/strong> y supera incluso el dato de marzo de 2019 (+1,3%).<\/li><\/ul>\n\n\n\n<ul class=\"wp-block-list\"><li>El <strong>n\u00famero de afiliados en r\u00e9gimen de aut\u00f3nomos<\/strong> del sector de la construcci\u00f3n <strong>alcanza su m\u00e1ximo de los \u00faltimos diez a\u00f1os<\/strong>: 393.086 ocupados.<\/li><\/ul>\n\n\n\n<ul class=\"wp-block-list\"><li><strong>El n\u00famero total de solicitudes ha crecido un 47%<\/strong> respecto al at\u00edpico marzo de 2020, pero tambi\u00e9n respecto a marzo de 2019 (+8%).<\/li><\/ul>\n\n\n\n<ul class=\"wp-block-list\"><li>Esta primavera m\u00e1s que nunca, los ciudadanos preparan sus viviendas para disfrutar de sus terrazas y jardines (<strong>p\u00e9rgolas, +69% respecto a marzo 2019<\/strong>), as\u00ed como de temperaturas frescas en su interior (<strong>instalaci\u00f3n aire acondicionado, +63% respecto a marzo 2019<\/strong>).<\/li><\/ul>\n\n\n\n<ul class=\"wp-block-list\"><li>La<strong> pintura interior sigue siendo la intervenci\u00f3n m\u00e1s solicitada,<\/strong> si bien interanualmente (-7% respecto a marzo 2019) cede espacio a actuaciones vinculadas con el confort y eficiencia energ\u00e9tica de la vivienda.<\/li><\/ul>\n\n\n\n<figure class=\"wp-block-image size-large\"><img loading=\"lazy\" decoding=\"async\" width=\"1024\" height=\"601\" src=\"https:\/\/www.habitissimo.es\/procenter\/wp-content\/uploads\/2021\/04\/Infografia-marzo-2021-1_pages-to-jpg-0001-1024x601.jpg\" alt=\"\" class=\"wp-image-2934\" srcset=\"https:\/\/www.habitissimo.es\/procenter\/wp-content\/uploads\/2021\/04\/Infografia-marzo-2021-1_pages-to-jpg-0001-1024x601.jpg 1024w, https:\/\/www.habitissimo.es\/procenter\/wp-content\/uploads\/2021\/04\/Infografia-marzo-2021-1_pages-to-jpg-0001-426x250.jpg 426w, https:\/\/www.habitissimo.es\/procenter\/wp-content\/uploads\/2021\/04\/Infografia-marzo-2021-1_pages-to-jpg-0001-150x88.jpg 150w, https:\/\/www.habitissimo.es\/procenter\/wp-content\/uploads\/2021\/04\/Infografia-marzo-2021-1_pages-to-jpg-0001-768x451.jpg 768w, https:\/\/www.habitissimo.es\/procenter\/wp-content\/uploads\/2021\/04\/Infografia-marzo-2021-1_pages-to-jpg-0001-1536x902.jpg 1536w, https:\/\/www.habitissimo.es\/procenter\/wp-content\/uploads\/2021\/04\/Infografia-marzo-2021-1_pages-to-jpg-0001-2048x1202.jpg 2048w, https:\/\/www.habitissimo.es\/procenter\/wp-content\/uploads\/2021\/04\/Infografia-marzo-2021-1_pages-to-jpg-0001-scaled.jpg 2560w\" sizes=\"auto, (max-width: 1024px) 100vw, 1024px\" \/><\/figure>\n","protected":false},"featured_media":2909,"template":"","tags":[],"documento_cat":[51],"class_list":["post-2900","documento","type-documento","status-publish","has-post-thumbnail","hentry","documento_cat-infodatos"],"acf":[],"yoast_head":"<!-- This site is optimized with the Yoast SEO plugin v26.5 - https:\/\/yoast.com\/wordpress\/plugins\/seo\/ -->\n<title>Informe sobre el estado del sector de la reforma - Marzo 2021 | Habitissimo<\/title>\n<meta name=\"description\" content=\"habitissimo ha elaborado su&nbsp;informe mensual para conocer el estado del sector de la reforma y reparaci\u00f3n en Espa\u00f1a durante el mes de marzo de\" \/>\n<meta name=\"robots\" content=\"index, follow, max-snippet:-1, max-image-preview:large, max-video-preview:-1\" \/>\n<link rel=\"canonical\" href=\"https:\/\/www.habitissimo.es\/procenter\/documento\/informe-sobre-el-estado-del-sector-de-la-reforma-marzo-2021\/\" \/>\n<meta property=\"og:locale\" content=\"es_ES\" \/>\n<meta property=\"og:type\" content=\"article\" \/>\n<meta property=\"og:title\" content=\"Informe sobre el estado del sector de la reforma - Marzo 2021 | Habitissimo\" \/>\n<meta property=\"og:description\" content=\"habitissimo ha elaborado su&nbsp;informe mensual para conocer el estado del sector de la reforma y reparaci\u00f3n en Espa\u00f1a durante el mes de marzo de\" \/>\n<meta property=\"og:url\" content=\"https:\/\/www.habitissimo.es\/procenter\/documento\/informe-sobre-el-estado-del-sector-de-la-reforma-marzo-2021\/\" \/>\n<meta property=\"og:site_name\" content=\"Habitissimo\" \/>\n<meta property=\"article:publisher\" content=\"https:\/\/www.facebook.com\/habitissimo\/\" \/>\n<meta property=\"article:modified_time\" content=\"2021-04-21T09:40:25+00:00\" \/>\n<meta property=\"og:image\" content=\"https:\/\/www.habitissimo.es\/procenter\/wp-content\/uploads\/2021\/04\/2021-04-19-scaled.jpg\" \/>\n\t<meta property=\"og:image:width\" content=\"2560\" \/>\n\t<meta property=\"og:image:height\" content=\"1293\" \/>\n\t<meta property=\"og:image:type\" content=\"image\/jpeg\" \/>\n<meta name=\"twitter:card\" content=\"summary_large_image\" \/>\n<meta name=\"twitter:site\" content=\"@habitissimo\" \/>\n<meta name=\"twitter:label1\" content=\"Tiempo de lectura\" \/>\n\t<meta name=\"twitter:data1\" content=\"2 minutos\" \/>\n<script type=\"application\/ld+json\" class=\"yoast-schema-graph\">{\"@context\":\"https:\/\/schema.org\",\"@graph\":[{\"@type\":\"WebPage\",\"@id\":\"https:\/\/www.habitissimo.es\/procenter\/documento\/informe-sobre-el-estado-del-sector-de-la-reforma-marzo-2021\/\",\"url\":\"https:\/\/www.habitissimo.es\/procenter\/documento\/informe-sobre-el-estado-del-sector-de-la-reforma-marzo-2021\/\",\"name\":\"Informe sobre el estado del sector de la reforma - Marzo 2021 | Habitissimo\",\"isPartOf\":{\"@id\":\"https:\/\/www.habitissimo.es\/procenter\/#website\"},\"primaryImageOfPage\":{\"@id\":\"https:\/\/www.habitissimo.es\/procenter\/documento\/informe-sobre-el-estado-del-sector-de-la-reforma-marzo-2021\/#primaryimage\"},\"image\":{\"@id\":\"https:\/\/www.habitissimo.es\/procenter\/documento\/informe-sobre-el-estado-del-sector-de-la-reforma-marzo-2021\/#primaryimage\"},\"thumbnailUrl\":\"https:\/\/www.habitissimo.es\/procenter\/wp-content\/uploads\/2021\/04\/2021-04-19-scaled.jpg?wsr\",\"datePublished\":\"2021-04-20T09:43:23+00:00\",\"dateModified\":\"2021-04-21T09:40:25+00:00\",\"description\":\"habitissimo ha elaborado su&nbsp;informe mensual para conocer el estado del sector de la reforma y reparaci\u00f3n en Espa\u00f1a durante el mes de marzo de\",\"breadcrumb\":{\"@id\":\"https:\/\/www.habitissimo.es\/procenter\/documento\/informe-sobre-el-estado-del-sector-de-la-reforma-marzo-2021\/#breadcrumb\"},\"inLanguage\":\"es\",\"potentialAction\":[{\"@type\":\"ReadAction\",\"target\":[\"https:\/\/www.habitissimo.es\/procenter\/documento\/informe-sobre-el-estado-del-sector-de-la-reforma-marzo-2021\/\"]}]},{\"@type\":\"ImageObject\",\"inLanguage\":\"es\",\"@id\":\"https:\/\/www.habitissimo.es\/procenter\/documento\/informe-sobre-el-estado-del-sector-de-la-reforma-marzo-2021\/#primaryimage\",\"url\":\"https:\/\/www.habitissimo.es\/procenter\/wp-content\/uploads\/2021\/04\/2021-04-19-scaled.jpg?wsr\",\"contentUrl\":\"https:\/\/www.habitissimo.es\/procenter\/wp-content\/uploads\/2021\/04\/2021-04-19-scaled.jpg?wsr\",\"width\":2560,\"height\":1293},{\"@type\":\"BreadcrumbList\",\"@id\":\"https:\/\/www.habitissimo.es\/procenter\/documento\/informe-sobre-el-estado-del-sector-de-la-reforma-marzo-2021\/#breadcrumb\",\"itemListElement\":[{\"@type\":\"ListItem\",\"position\":1,\"name\":\"Inicio\",\"item\":\"https:\/\/www.habitissimo.es\/procenter\/\"},{\"@type\":\"ListItem\",\"position\":2,\"name\":\"Documentos\",\"item\":\"https:\/\/www.habitissimo.es\/procenter\/documento\/\"},{\"@type\":\"ListItem\",\"position\":3,\"name\":\"Prensa\",\"item\":\"https:\/\/www.habitissimo.es\/procenter\/documento_cat\/prensa\/\"},{\"@type\":\"ListItem\",\"position\":4,\"name\":\"Infodatos\",\"item\":\"https:\/\/www.habitissimo.es\/procenter\/documento_cat\/prensa\/infodatos\/\"},{\"@type\":\"ListItem\",\"position\":5,\"name\":\"Informe sobre el estado del sector de la reforma - Marzo 2021\"}]},{\"@type\":\"WebSite\",\"@id\":\"https:\/\/www.habitissimo.es\/procenter\/#website\",\"url\":\"https:\/\/www.habitissimo.es\/procenter\/\",\"name\":\"Habitissimo\",\"description\":\"Reformas y Servicios para el Hogar\",\"publisher\":{\"@id\":\"https:\/\/www.habitissimo.es\/procenter\/#organization\"},\"potentialAction\":[{\"@type\":\"SearchAction\",\"target\":{\"@type\":\"EntryPoint\",\"urlTemplate\":\"https:\/\/www.habitissimo.es\/procenter\/?s={search_term_string}\"},\"query-input\":{\"@type\":\"PropertyValueSpecification\",\"valueRequired\":true,\"valueName\":\"search_term_string\"}}],\"inLanguage\":\"es\"},{\"@type\":\"Organization\",\"@id\":\"https:\/\/www.habitissimo.es\/procenter\/#organization\",\"name\":\"Habitissimo Pro Center\",\"url\":\"https:\/\/www.habitissimo.es\/procenter\/\",\"logo\":{\"@type\":\"ImageObject\",\"inLanguage\":\"es\",\"@id\":\"https:\/\/www.habitissimo.es\/procenter\/#\/schema\/logo\/image\/\",\"url\":\"https:\/\/www.habitissimo.es\/procenter\/wp-content\/uploads\/2020\/05\/logo_pro_center_tagline-1.png\",\"contentUrl\":\"https:\/\/www.habitissimo.es\/procenter\/wp-content\/uploads\/2020\/05\/logo_pro_center_tagline-1.png\",\"width\":243,\"height\":41,\"caption\":\"Habitissimo Pro Center\"},\"image\":{\"@id\":\"https:\/\/www.habitissimo.es\/procenter\/#\/schema\/logo\/image\/\"},\"sameAs\":[\"https:\/\/www.facebook.com\/habitissimo\/\",\"https:\/\/x.com\/habitissimo\",\"https:\/\/www.instagram.com\/habitissimo\",\"https:\/\/www.pinterest.com\/habitissimo\/\",\"https:\/\/www.youtube.com\/user\/habitissimo\"]}]}<\/script>\n<!-- \/ Yoast SEO plugin. -->","yoast_head_json":{"title":"Informe sobre el estado del sector de la reforma - Marzo 2021 | Habitissimo","description":"habitissimo ha elaborado su&nbsp;informe mensual para conocer el estado del sector de la reforma y reparaci\u00f3n en Espa\u00f1a durante el mes de marzo de","robots":{"index":"index","follow":"follow","max-snippet":"max-snippet:-1","max-image-preview":"max-image-preview:large","max-video-preview":"max-video-preview:-1"},"canonical":"https:\/\/www.habitissimo.es\/procenter\/documento\/informe-sobre-el-estado-del-sector-de-la-reforma-marzo-2021\/","og_locale":"es_ES","og_type":"article","og_title":"Informe sobre el estado del sector de la reforma - Marzo 2021 | Habitissimo","og_description":"habitissimo ha elaborado su&nbsp;informe mensual para conocer el estado del sector de la reforma y reparaci\u00f3n en Espa\u00f1a durante el mes de marzo de","og_url":"https:\/\/www.habitissimo.es\/procenter\/documento\/informe-sobre-el-estado-del-sector-de-la-reforma-marzo-2021\/","og_site_name":"Habitissimo","article_publisher":"https:\/\/www.facebook.com\/habitissimo\/","article_modified_time":"2021-04-21T09:40:25+00:00","og_image":[{"width":2560,"height":1293,"url":"https:\/\/www.habitissimo.es\/procenter\/wp-content\/uploads\/2021\/04\/2021-04-19-scaled.jpg","type":"image\/jpeg"}],"twitter_card":"summary_large_image","twitter_site":"@habitissimo","twitter_misc":{"Tiempo de lectura":"2 minutos"},"schema":{"@context":"https:\/\/schema.org","@graph":[{"@type":"WebPage","@id":"https:\/\/www.habitissimo.es\/procenter\/documento\/informe-sobre-el-estado-del-sector-de-la-reforma-marzo-2021\/","url":"https:\/\/www.habitissimo.es\/procenter\/documento\/informe-sobre-el-estado-del-sector-de-la-reforma-marzo-2021\/","name":"Informe sobre el estado del sector de la reforma - Marzo 2021 | Habitissimo","isPartOf":{"@id":"https:\/\/www.habitissimo.es\/procenter\/#website"},"primaryImageOfPage":{"@id":"https:\/\/www.habitissimo.es\/procenter\/documento\/informe-sobre-el-estado-del-sector-de-la-reforma-marzo-2021\/#primaryimage"},"image":{"@id":"https:\/\/www.habitissimo.es\/procenter\/documento\/informe-sobre-el-estado-del-sector-de-la-reforma-marzo-2021\/#primaryimage"},"thumbnailUrl":"https:\/\/www.habitissimo.es\/procenter\/wp-content\/uploads\/2021\/04\/2021-04-19-scaled.jpg?wsr","datePublished":"2021-04-20T09:43:23+00:00","dateModified":"2021-04-21T09:40:25+00:00","description":"habitissimo ha elaborado su&nbsp;informe mensual para conocer el estado del sector de la reforma y reparaci\u00f3n en Espa\u00f1a durante el mes de marzo de","breadcrumb":{"@id":"https:\/\/www.habitissimo.es\/procenter\/documento\/informe-sobre-el-estado-del-sector-de-la-reforma-marzo-2021\/#breadcrumb"},"inLanguage":"es","potentialAction":[{"@type":"ReadAction","target":["https:\/\/www.habitissimo.es\/procenter\/documento\/informe-sobre-el-estado-del-sector-de-la-reforma-marzo-2021\/"]}]},{"@type":"ImageObject","inLanguage":"es","@id":"https:\/\/www.habitissimo.es\/procenter\/documento\/informe-sobre-el-estado-del-sector-de-la-reforma-marzo-2021\/#primaryimage","url":"https:\/\/www.habitissimo.es\/procenter\/wp-content\/uploads\/2021\/04\/2021-04-19-scaled.jpg?wsr","contentUrl":"https:\/\/www.habitissimo.es\/procenter\/wp-content\/uploads\/2021\/04\/2021-04-19-scaled.jpg?wsr","width":2560,"height":1293},{"@type":"BreadcrumbList","@id":"https:\/\/www.habitissimo.es\/procenter\/documento\/informe-sobre-el-estado-del-sector-de-la-reforma-marzo-2021\/#breadcrumb","itemListElement":[{"@type":"ListItem","position":1,"name":"Inicio","item":"https:\/\/www.habitissimo.es\/procenter\/"},{"@type":"ListItem","position":2,"name":"Documentos","item":"https:\/\/www.habitissimo.es\/procenter\/documento\/"},{"@type":"ListItem","position":3,"name":"Prensa","item":"https:\/\/www.habitissimo.es\/procenter\/documento_cat\/prensa\/"},{"@type":"ListItem","position":4,"name":"Infodatos","item":"https:\/\/www.habitissimo.es\/procenter\/documento_cat\/prensa\/infodatos\/"},{"@type":"ListItem","position":5,"name":"Informe sobre el estado del sector de la reforma - Marzo 2021"}]},{"@type":"WebSite","@id":"https:\/\/www.habitissimo.es\/procenter\/#website","url":"https:\/\/www.habitissimo.es\/procenter\/","name":"Habitissimo","description":"Reformas y Servicios para el Hogar","publisher":{"@id":"https:\/\/www.habitissimo.es\/procenter\/#organization"},"potentialAction":[{"@type":"SearchAction","target":{"@type":"EntryPoint","urlTemplate":"https:\/\/www.habitissimo.es\/procenter\/?s={search_term_string}"},"query-input":{"@type":"PropertyValueSpecification","valueRequired":true,"valueName":"search_term_string"}}],"inLanguage":"es"},{"@type":"Organization","@id":"https:\/\/www.habitissimo.es\/procenter\/#organization","name":"Habitissimo Pro Center","url":"https:\/\/www.habitissimo.es\/procenter\/","logo":{"@type":"ImageObject","inLanguage":"es","@id":"https:\/\/www.habitissimo.es\/procenter\/#\/schema\/logo\/image\/","url":"https:\/\/www.habitissimo.es\/procenter\/wp-content\/uploads\/2020\/05\/logo_pro_center_tagline-1.png","contentUrl":"https:\/\/www.habitissimo.es\/procenter\/wp-content\/uploads\/2020\/05\/logo_pro_center_tagline-1.png","width":243,"height":41,"caption":"Habitissimo Pro Center"},"image":{"@id":"https:\/\/www.habitissimo.es\/procenter\/#\/schema\/logo\/image\/"},"sameAs":["https:\/\/www.facebook.com\/habitissimo\/","https:\/\/x.com\/habitissimo","https:\/\/www.instagram.com\/habitissimo","https:\/\/www.pinterest.com\/habitissimo\/","https:\/\/www.youtube.com\/user\/habitissimo"]}]}},"_links":{"self":[{"href":"https:\/\/www.habitissimo.es\/procenter\/wp-json\/wp\/v2\/documento\/2900","targetHints":{"allow":["GET"]}}],"collection":[{"href":"https:\/\/www.habitissimo.es\/procenter\/wp-json\/wp\/v2\/documento"}],"about":[{"href":"https:\/\/www.habitissimo.es\/procenter\/wp-json\/wp\/v2\/types\/documento"}],"wp:featuredmedia":[{"embeddable":true,"href":"https:\/\/www.habitissimo.es\/procenter\/wp-json\/wp\/v2\/media\/2909"}],"wp:attachment":[{"href":"https:\/\/www.habitissimo.es\/procenter\/wp-json\/wp\/v2\/media?parent=2900"}],"wp:term":[{"taxonomy":"post_tag","embeddable":true,"href":"https:\/\/www.habitissimo.es\/procenter\/wp-json\/wp\/v2\/tags?post=2900"},{"taxonomy":"documento_cat","embeddable":true,"href":"https:\/\/www.habitissimo.es\/procenter\/wp-json\/wp\/v2\/documento_cat?post=2900"}],"curies":[{"name":"wp","href":"https:\/\/api.w.org\/{rel}","templated":true}]}}