{"id":4636,"date":"2022-06-01T10:07:00","date_gmt":"2022-06-01T08:07:00","guid":{"rendered":"https:\/\/procenter.habitissimo.es\/?post_type=documento&#038;p=4636"},"modified":"2022-06-01T16:21:02","modified_gmt":"2022-06-01T14:21:02","slug":"informe-trimestral-sobre-la-reforma-3t-2","status":"publish","type":"documento","link":"https:\/\/www.habitissimo.es\/procenter\/documento\/informe-trimestral-sobre-la-reforma-3t-2\/","title":{"rendered":"Informe trimestral sobre la reforma - 1T"},"content":{"rendered":"\n<p>habitissimo ha realizado su&nbsp;<a href=\"https:\/\/www.habitissimo.es\/procenter\/wp-content\/uploads\/2022\/06\/Informe-sobre-el-sector-de-la-Reforma-TRIMESTRAL-2022-1T.pdf\">Informe trimestral sobre la Reforma - 1T<\/a>.&nbsp;Adjuntamos aqu\u00ed algunas de sus conclusiones:<\/p>\n\n\n\n<ul class=\"wp-block-list\"><li>Aumentan un 4,1% el n\u00famero de ocupados del sector de la construcci\u00f3n en comparaci\u00f3n al mismo trimestre del 2021. El trimestre ha cerrado con un total de 1.320.490 ocupados.<\/li><li>Las intervenciones m\u00e1s solicitadas en los hogares espa\u00f1oles este trimestre son la reforma integral de vivienda, la instalaci\u00f3n o mantenimiento de calefacci\u00f3n y los trabajos de pintura. <\/li><li>Destacar el incremento de solicitudes del 110% para los trabajos de impermeabilizaci\u00f3n y un 36% las peticiones, para tratar problemas de humedades y filtraciones provocados por las intensas lluvias del mes de marzo.<\/li><li>Cobra especial importancia tambi\u00e9n, en el campo de las energ\u00edas renovables, la instalaci\u00f3n de placas solares fotovoltaicas para el abastecimiento dom\u00e9stico de electricidad con un aumento del 58% en el mes de  marzo.<\/li><li>El 53% de los usuarios encuestados por habitissimo ha manifestado, en este primer trimestre de 2022, tener como objetivo la mejora de la eficiencia energ\u00e9tica de su vivienda al solicitar un presupuesto.<\/li><li>El 66% de los profesionales considera que es importante para su negocio estar digitalizado y un 70% cree que aumentar\u00e1n los usuarios que utilizan internet para contratar a un profesional para mejorar su hogar.<\/li><\/ul>\n\n\n\n<figure class=\"wp-block-image size-large\"><img loading=\"lazy\" decoding=\"async\" width=\"724\" height=\"1024\" src=\"https:\/\/www.habitissimo.es\/procenter\/wp-content\/uploads\/2022\/06\/22_1T_infografia_ES_prensa-1-1-724x1024.jpg\" alt=\"\" class=\"wp-image-4641\" srcset=\"https:\/\/www.habitissimo.es\/procenter\/wp-content\/uploads\/2022\/06\/22_1T_infografia_ES_prensa-1-1-724x1024.jpg 724w, https:\/\/www.habitissimo.es\/procenter\/wp-content\/uploads\/2022\/06\/22_1T_infografia_ES_prensa-1-1-177x250.jpg 177w, https:\/\/www.habitissimo.es\/procenter\/wp-content\/uploads\/2022\/06\/22_1T_infografia_ES_prensa-1-1-106x150.jpg 106w, https:\/\/www.habitissimo.es\/procenter\/wp-content\/uploads\/2022\/06\/22_1T_infografia_ES_prensa-1-1-768x1086.jpg 768w, https:\/\/www.habitissimo.es\/procenter\/wp-content\/uploads\/2022\/06\/22_1T_infografia_ES_prensa-1-1-1086x1536.jpg 1086w, https:\/\/www.habitissimo.es\/procenter\/wp-content\/uploads\/2022\/06\/22_1T_infografia_ES_prensa-1-1-1448x2048.jpg 1448w, https:\/\/www.habitissimo.es\/procenter\/wp-content\/uploads\/2022\/06\/22_1T_infografia_ES_prensa-1-1-scaled.jpg 1811w\" sizes=\"auto, (max-width: 724px) 100vw, 724px\" \/><\/figure>\n","protected":false},"featured_media":4643,"template":"","tags":[],"documento_cat":[],"class_list":["post-4636","documento","type-documento","status-publish","has-post-thumbnail","hentry"],"acf":[],"yoast_head":"<!-- This site is optimized with the Yoast SEO plugin v26.5 - https:\/\/yoast.com\/wordpress\/plugins\/seo\/ -->\n<title>Informe trimestral sobre la reforma - 1T | Habitissimo<\/title>\n<meta name=\"description\" content=\"habitissimo ha realizado su&nbsp;Informe trimestral sobre la Reforma - 1T.&nbsp;Adjuntamos aqu\u00ed algunas de sus conclusiones: Aumentan un 4,1% el n\u00famero de\" \/>\n<meta name=\"robots\" content=\"index, follow, max-snippet:-1, max-image-preview:large, max-video-preview:-1\" \/>\n<link rel=\"canonical\" href=\"https:\/\/www.habitissimo.es\/procenter\/documento\/informe-trimestral-sobre-la-reforma-3t-2\/\" \/>\n<meta property=\"og:locale\" content=\"es_ES\" \/>\n<meta property=\"og:type\" content=\"article\" \/>\n<meta property=\"og:title\" content=\"Informe trimestral sobre la reforma - 1T | Habitissimo\" \/>\n<meta property=\"og:description\" content=\"habitissimo ha realizado su&nbsp;Informe trimestral sobre la Reforma - 1T.&nbsp;Adjuntamos aqu\u00ed algunas de sus conclusiones: Aumentan un 4,1% el n\u00famero de\" \/>\n<meta property=\"og:url\" content=\"https:\/\/www.habitissimo.es\/procenter\/documento\/informe-trimestral-sobre-la-reforma-3t-2\/\" \/>\n<meta property=\"og:site_name\" content=\"Habitissimo\" \/>\n<meta property=\"article:publisher\" content=\"https:\/\/www.facebook.com\/habitissimo\/\" \/>\n<meta property=\"article:modified_time\" content=\"2022-06-01T14:21:02+00:00\" \/>\n<meta property=\"og:image\" content=\"https:\/\/www.habitissimo.es\/procenter\/wp-content\/uploads\/2022\/06\/22_1T_infografia_ES_twitter-06-scaled.jpg\" \/>\n\t<meta property=\"og:image:width\" content=\"2560\" \/>\n\t<meta property=\"og:image:height\" content=\"1280\" \/>\n\t<meta property=\"og:image:type\" content=\"image\/jpeg\" \/>\n<meta name=\"twitter:card\" content=\"summary_large_image\" \/>\n<meta name=\"twitter:site\" content=\"@habitissimo\" \/>\n<meta name=\"twitter:label1\" content=\"Tiempo de lectura\" \/>\n\t<meta name=\"twitter:data1\" content=\"2 minutos\" \/>\n<script type=\"application\/ld+json\" class=\"yoast-schema-graph\">{\"@context\":\"https:\/\/schema.org\",\"@graph\":[{\"@type\":\"WebPage\",\"@id\":\"https:\/\/www.habitissimo.es\/procenter\/documento\/informe-trimestral-sobre-la-reforma-3t-2\/\",\"url\":\"https:\/\/www.habitissimo.es\/procenter\/documento\/informe-trimestral-sobre-la-reforma-3t-2\/\",\"name\":\"Informe trimestral sobre la reforma - 1T | Habitissimo\",\"isPartOf\":{\"@id\":\"https:\/\/www.habitissimo.es\/procenter\/#website\"},\"primaryImageOfPage\":{\"@id\":\"https:\/\/www.habitissimo.es\/procenter\/documento\/informe-trimestral-sobre-la-reforma-3t-2\/#primaryimage\"},\"image\":{\"@id\":\"https:\/\/www.habitissimo.es\/procenter\/documento\/informe-trimestral-sobre-la-reforma-3t-2\/#primaryimage\"},\"thumbnailUrl\":\"https:\/\/www.habitissimo.es\/procenter\/wp-content\/uploads\/2022\/06\/22_1T_infografia_ES_twitter-06-scaled.jpg?wsr\",\"datePublished\":\"2022-06-01T08:07:00+00:00\",\"dateModified\":\"2022-06-01T14:21:02+00:00\",\"description\":\"habitissimo ha realizado su&nbsp;Informe trimestral sobre la Reforma - 1T.&nbsp;Adjuntamos aqu\u00ed algunas de sus conclusiones: Aumentan un 4,1% el n\u00famero de\",\"breadcrumb\":{\"@id\":\"https:\/\/www.habitissimo.es\/procenter\/documento\/informe-trimestral-sobre-la-reforma-3t-2\/#breadcrumb\"},\"inLanguage\":\"es\",\"potentialAction\":[{\"@type\":\"ReadAction\",\"target\":[\"https:\/\/www.habitissimo.es\/procenter\/documento\/informe-trimestral-sobre-la-reforma-3t-2\/\"]}]},{\"@type\":\"ImageObject\",\"inLanguage\":\"es\",\"@id\":\"https:\/\/www.habitissimo.es\/procenter\/documento\/informe-trimestral-sobre-la-reforma-3t-2\/#primaryimage\",\"url\":\"https:\/\/www.habitissimo.es\/procenter\/wp-content\/uploads\/2022\/06\/22_1T_infografia_ES_twitter-06-scaled.jpg?wsr\",\"contentUrl\":\"https:\/\/www.habitissimo.es\/procenter\/wp-content\/uploads\/2022\/06\/22_1T_infografia_ES_twitter-06-scaled.jpg?wsr\",\"width\":2560,\"height\":1280},{\"@type\":\"BreadcrumbList\",\"@id\":\"https:\/\/www.habitissimo.es\/procenter\/documento\/informe-trimestral-sobre-la-reforma-3t-2\/#breadcrumb\",\"itemListElement\":[{\"@type\":\"ListItem\",\"position\":1,\"name\":\"Inicio\",\"item\":\"https:\/\/www.habitissimo.es\/procenter\/\"},{\"@type\":\"ListItem\",\"position\":2,\"name\":\"Documentos\",\"item\":\"https:\/\/www.habitissimo.es\/procenter\/documento\/\"},{\"@type\":\"ListItem\",\"position\":3,\"name\":\"Informe trimestral sobre la reforma - 1T\"}]},{\"@type\":\"WebSite\",\"@id\":\"https:\/\/www.habitissimo.es\/procenter\/#website\",\"url\":\"https:\/\/www.habitissimo.es\/procenter\/\",\"name\":\"Habitissimo\",\"description\":\"Reformas y Servicios para el Hogar\",\"publisher\":{\"@id\":\"https:\/\/www.habitissimo.es\/procenter\/#organization\"},\"potentialAction\":[{\"@type\":\"SearchAction\",\"target\":{\"@type\":\"EntryPoint\",\"urlTemplate\":\"https:\/\/www.habitissimo.es\/procenter\/?s={search_term_string}\"},\"query-input\":{\"@type\":\"PropertyValueSpecification\",\"valueRequired\":true,\"valueName\":\"search_term_string\"}}],\"inLanguage\":\"es\"},{\"@type\":\"Organization\",\"@id\":\"https:\/\/www.habitissimo.es\/procenter\/#organization\",\"name\":\"Habitissimo Pro Center\",\"url\":\"https:\/\/www.habitissimo.es\/procenter\/\",\"logo\":{\"@type\":\"ImageObject\",\"inLanguage\":\"es\",\"@id\":\"https:\/\/www.habitissimo.es\/procenter\/#\/schema\/logo\/image\/\",\"url\":\"https:\/\/www.habitissimo.es\/procenter\/wp-content\/uploads\/2020\/05\/logo_pro_center_tagline-1.png\",\"contentUrl\":\"https:\/\/www.habitissimo.es\/procenter\/wp-content\/uploads\/2020\/05\/logo_pro_center_tagline-1.png\",\"width\":243,\"height\":41,\"caption\":\"Habitissimo Pro Center\"},\"image\":{\"@id\":\"https:\/\/www.habitissimo.es\/procenter\/#\/schema\/logo\/image\/\"},\"sameAs\":[\"https:\/\/www.facebook.com\/habitissimo\/\",\"https:\/\/x.com\/habitissimo\",\"https:\/\/www.instagram.com\/habitissimo\",\"https:\/\/www.pinterest.com\/habitissimo\/\",\"https:\/\/www.youtube.com\/user\/habitissimo\"]}]}<\/script>\n<!-- \/ Yoast SEO plugin. -->","yoast_head_json":{"title":"Informe trimestral sobre la reforma - 1T | Habitissimo","description":"habitissimo ha realizado su&nbsp;Informe trimestral sobre la Reforma - 1T.&nbsp;Adjuntamos aqu\u00ed algunas de sus conclusiones: Aumentan un 4,1% el n\u00famero de","robots":{"index":"index","follow":"follow","max-snippet":"max-snippet:-1","max-image-preview":"max-image-preview:large","max-video-preview":"max-video-preview:-1"},"canonical":"https:\/\/www.habitissimo.es\/procenter\/documento\/informe-trimestral-sobre-la-reforma-3t-2\/","og_locale":"es_ES","og_type":"article","og_title":"Informe trimestral sobre la reforma - 1T | Habitissimo","og_description":"habitissimo ha realizado su&nbsp;Informe trimestral sobre la Reforma - 1T.&nbsp;Adjuntamos aqu\u00ed algunas de sus conclusiones: Aumentan un 4,1% el n\u00famero de","og_url":"https:\/\/www.habitissimo.es\/procenter\/documento\/informe-trimestral-sobre-la-reforma-3t-2\/","og_site_name":"Habitissimo","article_publisher":"https:\/\/www.facebook.com\/habitissimo\/","article_modified_time":"2022-06-01T14:21:02+00:00","og_image":[{"width":2560,"height":1280,"url":"https:\/\/www.habitissimo.es\/procenter\/wp-content\/uploads\/2022\/06\/22_1T_infografia_ES_twitter-06-scaled.jpg","type":"image\/jpeg"}],"twitter_card":"summary_large_image","twitter_site":"@habitissimo","twitter_misc":{"Tiempo de lectura":"2 minutos"},"schema":{"@context":"https:\/\/schema.org","@graph":[{"@type":"WebPage","@id":"https:\/\/www.habitissimo.es\/procenter\/documento\/informe-trimestral-sobre-la-reforma-3t-2\/","url":"https:\/\/www.habitissimo.es\/procenter\/documento\/informe-trimestral-sobre-la-reforma-3t-2\/","name":"Informe trimestral sobre la reforma - 1T | Habitissimo","isPartOf":{"@id":"https:\/\/www.habitissimo.es\/procenter\/#website"},"primaryImageOfPage":{"@id":"https:\/\/www.habitissimo.es\/procenter\/documento\/informe-trimestral-sobre-la-reforma-3t-2\/#primaryimage"},"image":{"@id":"https:\/\/www.habitissimo.es\/procenter\/documento\/informe-trimestral-sobre-la-reforma-3t-2\/#primaryimage"},"thumbnailUrl":"https:\/\/www.habitissimo.es\/procenter\/wp-content\/uploads\/2022\/06\/22_1T_infografia_ES_twitter-06-scaled.jpg?wsr","datePublished":"2022-06-01T08:07:00+00:00","dateModified":"2022-06-01T14:21:02+00:00","description":"habitissimo ha realizado su&nbsp;Informe trimestral sobre la Reforma - 1T.&nbsp;Adjuntamos aqu\u00ed algunas de sus conclusiones: Aumentan un 4,1% el n\u00famero de","breadcrumb":{"@id":"https:\/\/www.habitissimo.es\/procenter\/documento\/informe-trimestral-sobre-la-reforma-3t-2\/#breadcrumb"},"inLanguage":"es","potentialAction":[{"@type":"ReadAction","target":["https:\/\/www.habitissimo.es\/procenter\/documento\/informe-trimestral-sobre-la-reforma-3t-2\/"]}]},{"@type":"ImageObject","inLanguage":"es","@id":"https:\/\/www.habitissimo.es\/procenter\/documento\/informe-trimestral-sobre-la-reforma-3t-2\/#primaryimage","url":"https:\/\/www.habitissimo.es\/procenter\/wp-content\/uploads\/2022\/06\/22_1T_infografia_ES_twitter-06-scaled.jpg?wsr","contentUrl":"https:\/\/www.habitissimo.es\/procenter\/wp-content\/uploads\/2022\/06\/22_1T_infografia_ES_twitter-06-scaled.jpg?wsr","width":2560,"height":1280},{"@type":"BreadcrumbList","@id":"https:\/\/www.habitissimo.es\/procenter\/documento\/informe-trimestral-sobre-la-reforma-3t-2\/#breadcrumb","itemListElement":[{"@type":"ListItem","position":1,"name":"Inicio","item":"https:\/\/www.habitissimo.es\/procenter\/"},{"@type":"ListItem","position":2,"name":"Documentos","item":"https:\/\/www.habitissimo.es\/procenter\/documento\/"},{"@type":"ListItem","position":3,"name":"Informe trimestral sobre la reforma - 1T"}]},{"@type":"WebSite","@id":"https:\/\/www.habitissimo.es\/procenter\/#website","url":"https:\/\/www.habitissimo.es\/procenter\/","name":"Habitissimo","description":"Reformas y Servicios para el Hogar","publisher":{"@id":"https:\/\/www.habitissimo.es\/procenter\/#organization"},"potentialAction":[{"@type":"SearchAction","target":{"@type":"EntryPoint","urlTemplate":"https:\/\/www.habitissimo.es\/procenter\/?s={search_term_string}"},"query-input":{"@type":"PropertyValueSpecification","valueRequired":true,"valueName":"search_term_string"}}],"inLanguage":"es"},{"@type":"Organization","@id":"https:\/\/www.habitissimo.es\/procenter\/#organization","name":"Habitissimo Pro Center","url":"https:\/\/www.habitissimo.es\/procenter\/","logo":{"@type":"ImageObject","inLanguage":"es","@id":"https:\/\/www.habitissimo.es\/procenter\/#\/schema\/logo\/image\/","url":"https:\/\/www.habitissimo.es\/procenter\/wp-content\/uploads\/2020\/05\/logo_pro_center_tagline-1.png","contentUrl":"https:\/\/www.habitissimo.es\/procenter\/wp-content\/uploads\/2020\/05\/logo_pro_center_tagline-1.png","width":243,"height":41,"caption":"Habitissimo Pro Center"},"image":{"@id":"https:\/\/www.habitissimo.es\/procenter\/#\/schema\/logo\/image\/"},"sameAs":["https:\/\/www.facebook.com\/habitissimo\/","https:\/\/x.com\/habitissimo","https:\/\/www.instagram.com\/habitissimo","https:\/\/www.pinterest.com\/habitissimo\/","https:\/\/www.youtube.com\/user\/habitissimo"]}]}},"_links":{"self":[{"href":"https:\/\/www.habitissimo.es\/procenter\/wp-json\/wp\/v2\/documento\/4636","targetHints":{"allow":["GET"]}}],"collection":[{"href":"https:\/\/www.habitissimo.es\/procenter\/wp-json\/wp\/v2\/documento"}],"about":[{"href":"https:\/\/www.habitissimo.es\/procenter\/wp-json\/wp\/v2\/types\/documento"}],"wp:featuredmedia":[{"embeddable":true,"href":"https:\/\/www.habitissimo.es\/procenter\/wp-json\/wp\/v2\/media\/4643"}],"wp:attachment":[{"href":"https:\/\/www.habitissimo.es\/procenter\/wp-json\/wp\/v2\/media?parent=4636"}],"wp:term":[{"taxonomy":"post_tag","embeddable":true,"href":"https:\/\/www.habitissimo.es\/procenter\/wp-json\/wp\/v2\/tags?post=4636"},{"taxonomy":"documento_cat","embeddable":true,"href":"https:\/\/www.habitissimo.es\/procenter\/wp-json\/wp\/v2\/documento_cat?post=4636"}],"curies":[{"name":"wp","href":"https:\/\/api.w.org\/{rel}","templated":true}]}}