{"id":1929,"date":"2020-11-18T16:13:17","date_gmt":"2020-11-18T15:13:17","guid":{"rendered":"https:\/\/procenter.habitissimo.es\/?post_type=formacion&amp;p=1929"},"modified":"2020-11-18T16:13:17","modified_gmt":"2020-11-18T15:13:17","slug":"analisis-de-casos-practicos-en-cubiertas-ventiladas","status":"publish","type":"formacion","link":"https:\/\/www.habitissimo.es\/procenter\/formacion\/analisis-de-casos-practicos-en-cubiertas-ventiladas\/","title":{"rendered":"An\u00e1lisis de casos pr\u00e1cticos en cubiertas ventiladas"},"content":{"rendered":"\n<p><strong>Tejas Verea <\/strong>nos trae una formaci\u00f3n dirigida a profesionales de la construcci\u00f3n y la rehabilitaci\u00f3n con el objetivo de analizar las ventajas de la <strong><span class=\"has-inline-color has-luminous-vivid-orange-color\">instalaci\u00f3n de teja cer\u00e1mica sobre placa de fibrocemento<\/span><\/strong>. Para ello, la formaci\u00f3n se basa en analizar proyectos de rehabilitaci\u00f3n reales. <\/p>\n\n\n\n<p>La formaci\u00f3n consta de dos sesiones:<\/p>\n\n\n\n<p><span class=\"has-inline-color has-luminous-vivid-orange-color\"><strong>Jueves 19 de noviembre al as 18:00h <\/strong><\/span><\/p>\n\n\n\n<figure class=\"wp-block-image size-full\"><img loading=\"lazy\" decoding=\"async\" width=\"1920\" height=\"701\" src=\"http:\/\/www.habitissimo.es\/procenter\/wp-content\/uploads\/2020\/11\/sesion-1.jpg\" alt=\"\" class=\"wp-image-1939\" srcset=\"https:\/\/www.habitissimo.es\/procenter\/wp-content\/uploads\/2020\/11\/sesion-1.jpg 1920w, https:\/\/www.habitissimo.es\/procenter\/wp-content\/uploads\/2020\/11\/sesion-1-450x164.jpg 450w, https:\/\/www.habitissimo.es\/procenter\/wp-content\/uploads\/2020\/11\/sesion-1-1024x374.jpg 1024w, https:\/\/www.habitissimo.es\/procenter\/wp-content\/uploads\/2020\/11\/sesion-1-150x55.jpg 150w, https:\/\/www.habitissimo.es\/procenter\/wp-content\/uploads\/2020\/11\/sesion-1-768x280.jpg 768w, https:\/\/www.habitissimo.es\/procenter\/wp-content\/uploads\/2020\/11\/sesion-1-1536x561.jpg 1536w\" sizes=\"auto, (max-width: 1920px) 100vw, 1920px\" \/><\/figure>\n\n\n\n<p><span class=\"has-inline-color has-luminous-vivid-orange-color\"><strong>Sesi\u00f3n 1: Rehabilitaci\u00f3n energ\u00e9tica del Complejo Administrativo de la Xunta de Galicia<\/strong>:<\/span><br>Se realizar\u00e1 un an\u00e1lisis t\u00e9cnico del proyecto de rehabilitaci\u00f3n energ\u00e9tica del Complejo Administrativo de Xunta de Galicia realizado por el arquitecto responsable del proyecto, V\u00edctor Manuel L\u00f3pez Puga. Incluir\u00e1 un an\u00e1lisis de las actuaciones realizadas en sus m\u00e1s de 8.000 m 2 de cubiertas, con detalle de patolog\u00edas previas y soluciones aplicadas.<\/p>\n\n\n\n<p>Ponentes:<\/p>\n\n\n\n<ul class=\"wp-block-list\"><li>V\u00edctor Manuel L\u00f3pez Puga. Arquitecto. Estudio de arquitectura VMLP<\/li><li>Jos\u00e9 Antonio Mart\u00ednez Corral. Gerente de Zona Euronit<\/li><li>Manuel Verea Garea. Ingeniero y responsable de la Oficina T\u00e9cnica de Verea.<\/li><\/ul>\n\n\n\n<div class=\"wp-block-buttons aligncenter is-layout-flex wp-block-buttons-is-layout-flex\">\n<div class=\"wp-block-button\"><a class=\"wp-block-button__link has-background has-luminous-vivid-orange-background-color\" href=\"https:\/\/app.livestorm.co\/tejas-verea\/rehabilitacion-energetica-xunta-de-galicia\" target=\"_blank\" rel=\"noreferrer noopener\">Inscr\u00edbete a la 1\u00aa sesi\u00f3n<\/a><\/div>\n<\/div>\n\n\n\n<hr class=\"wp-block-separator is-style-dots\" \/>\n\n\n\n<p><strong><span class=\"has-inline-color has-luminous-vivid-orange-color\">Jueves 26 de noviembre a las 18:00h<\/span><\/strong><\/p>\n\n\n\n<figure class=\"wp-block-image size-full is-resized\"><img loading=\"lazy\" decoding=\"async\" src=\"http:\/\/www.habitissimo.es\/procenter\/wp-content\/uploads\/2020\/11\/sesio\u0301n-2.jpg\" alt=\"\" class=\"wp-image-1940\" width=\"570\" height=\"208\" srcset=\"https:\/\/www.habitissimo.es\/procenter\/wp-content\/uploads\/2020\/11\/sesio\u0301n-2.jpg 1920w, https:\/\/www.habitissimo.es\/procenter\/wp-content\/uploads\/2020\/11\/sesio\u0301n-2-450x164.jpg 450w, https:\/\/www.habitissimo.es\/procenter\/wp-content\/uploads\/2020\/11\/sesio\u0301n-2-1024x374.jpg 1024w, https:\/\/www.habitissimo.es\/procenter\/wp-content\/uploads\/2020\/11\/sesio\u0301n-2-150x55.jpg 150w, https:\/\/www.habitissimo.es\/procenter\/wp-content\/uploads\/2020\/11\/sesio\u0301n-2-768x280.jpg 768w, https:\/\/www.habitissimo.es\/procenter\/wp-content\/uploads\/2020\/11\/sesio\u0301n-2-1536x561.jpg 1536w\" sizes=\"auto, (max-width: 570px) 100vw, 570px\" \/><\/figure>\n\n\n\n<p><span class=\"has-inline-color has-luminous-vivid-orange-color\"><strong>Sesi\u00f3n 2. Ejecuci\u00f3n pr\u00e1ctica del sistema de instalaci\u00f3n de una cubierta inclinada cer\u00e1mica<\/strong>:<\/span><br>\u00bfPuede una cubierta mejorar la eficiencia energ\u00e9tica de una edificaci\u00f3n?<br>\u00bfEn qu\u00e9 medida una cubierta ventilada de fibrocemento y teja reduce la<br>condensaci\u00f3n? \u00bfCu\u00e1l es la durabilidad de una cubierta de teja con bajo teja de fibrocemento? Estas son algunas de las cuestiones que tendr\u00e1n respuesta durante esta formaci\u00f3n online. En esta sesi\u00f3n se realizar\u00e1 un an\u00e1lisis paso a paso de la ejecuci\u00f3n de una cubierta inclinada ventilada y en seco compuesta por dos elementos principales, el fibrocemento y la teja cer\u00e1mica. Se analizar\u00e1n los distintos tipos de placas onduladas y tejas, sistemas de colocaci\u00f3n y resoluci\u00f3n de puntos singulares.<\/p>\n\n\n\n<p>Ponentes:<\/p>\n\n\n\n<ul class=\"wp-block-list\"><li>Antonio Vicente Errasti. Servicio Post Venta de Euronit<\/li><li>Manuel Verea Garea. Ingeniero y responsable de la Oficina T\u00e9cnica de Verea.<\/li><\/ul>\n\n\n\n<div class=\"wp-block-buttons aligncenter is-layout-flex wp-block-buttons-is-layout-flex\">\n<div class=\"wp-block-button\"><a class=\"wp-block-button__link has-background has-luminous-vivid-orange-background-color\" href=\"https:\/\/app.livestorm.co\/tejas-verea\/ejecucion-practica- sistema-instalacion-cubierta-inclinada\" target=\"_blank\" rel=\"noreferrer noopener\">Inscr\u00edbete a la 2\u00aa sesi\u00f3n<\/a><\/div>\n<\/div>\n\n\n\n<p>La formaci\u00f3n es <strong>totalmente gratuita<\/strong>. \u00a1Date prisa! Las <strong>plazas son limitadas. <\/strong><\/p>\n","protected":false},"featured_media":1941,"template":"","tags":[],"formacion_cat":[20,114],"class_list":["post-1929","formacion","type-formacion","status-publish","has-post-thumbnail","hentry","formacion_cat-construccion","formacion_cat-construyendo-en-digital"],"acf":[],"yoast_head":"<!-- This site is optimized with the Yoast SEO plugin v26.5 - https:\/\/yoast.com\/wordpress\/plugins\/seo\/ -->\n<title>An\u00e1lisis de casos pr\u00e1cticos en cubiertas ventiladas | Habitissimo<\/title>\n<meta name=\"description\" content=\"Tejas Verea nos trae una formaci\u00f3n dirigida a profesionales de la construcci\u00f3n y la rehabilitaci\u00f3n con el objetivo de analizar las ventajas de la\" \/>\n<meta name=\"robots\" content=\"index, follow, max-snippet:-1, max-image-preview:large, max-video-preview:-1\" \/>\n<link rel=\"canonical\" href=\"https:\/\/www.habitissimo.es\/procenter\/formacion\/analisis-de-casos-practicos-en-cubiertas-ventiladas\/\" \/>\n<meta property=\"og:locale\" content=\"es_ES\" \/>\n<meta property=\"og:type\" content=\"article\" \/>\n<meta property=\"og:title\" content=\"An\u00e1lisis de casos pr\u00e1cticos en cubiertas ventiladas | Habitissimo\" \/>\n<meta property=\"og:description\" content=\"Tejas Verea nos trae una formaci\u00f3n dirigida a profesionales de la construcci\u00f3n y la rehabilitaci\u00f3n con el objetivo de analizar las ventajas de la\" \/>\n<meta property=\"og:url\" content=\"https:\/\/www.habitissimo.es\/procenter\/formacion\/analisis-de-casos-practicos-en-cubiertas-ventiladas\/\" \/>\n<meta property=\"og:site_name\" content=\"Habitissimo\" \/>\n<meta property=\"article:publisher\" content=\"https:\/\/www.facebook.com\/habitissimo\/\" \/>\n<meta property=\"og:image\" content=\"https:\/\/www.habitissimo.es\/procenter\/wp-content\/uploads\/2020\/11\/cabecera.jpg\" \/>\n\t<meta property=\"og:image:width\" content=\"1469\" \/>\n\t<meta property=\"og:image:height\" content=\"667\" \/>\n\t<meta property=\"og:image:type\" content=\"image\/jpeg\" \/>\n<meta name=\"twitter:card\" content=\"summary_large_image\" \/>\n<meta name=\"twitter:site\" content=\"@habitissimo\" \/>\n<meta name=\"twitter:label1\" content=\"Tiempo de lectura\" \/>\n\t<meta name=\"twitter:data1\" content=\"2 minutos\" \/>\n<script type=\"application\/ld+json\" class=\"yoast-schema-graph\">{\"@context\":\"https:\/\/schema.org\",\"@graph\":[{\"@type\":\"WebPage\",\"@id\":\"https:\/\/www.habitissimo.es\/procenter\/formacion\/analisis-de-casos-practicos-en-cubiertas-ventiladas\/\",\"url\":\"https:\/\/www.habitissimo.es\/procenter\/formacion\/analisis-de-casos-practicos-en-cubiertas-ventiladas\/\",\"name\":\"An\u00e1lisis de casos pr\u00e1cticos en cubiertas ventiladas | Habitissimo\",\"isPartOf\":{\"@id\":\"https:\/\/www.habitissimo.es\/procenter\/#website\"},\"primaryImageOfPage\":{\"@id\":\"https:\/\/www.habitissimo.es\/procenter\/formacion\/analisis-de-casos-practicos-en-cubiertas-ventiladas\/#primaryimage\"},\"image\":{\"@id\":\"https:\/\/www.habitissimo.es\/procenter\/formacion\/analisis-de-casos-practicos-en-cubiertas-ventiladas\/#primaryimage\"},\"thumbnailUrl\":\"https:\/\/www.habitissimo.es\/procenter\/wp-content\/uploads\/2020\/11\/cabecera.jpg?wsr\",\"datePublished\":\"2020-11-18T15:13:17+00:00\",\"description\":\"Tejas Verea nos trae una formaci\u00f3n dirigida a profesionales de la construcci\u00f3n y la rehabilitaci\u00f3n con el objetivo de analizar las ventajas de la\",\"breadcrumb\":{\"@id\":\"https:\/\/www.habitissimo.es\/procenter\/formacion\/analisis-de-casos-practicos-en-cubiertas-ventiladas\/#breadcrumb\"},\"inLanguage\":\"es\",\"potentialAction\":[{\"@type\":\"ReadAction\",\"target\":[\"https:\/\/www.habitissimo.es\/procenter\/formacion\/analisis-de-casos-practicos-en-cubiertas-ventiladas\/\"]}]},{\"@type\":\"ImageObject\",\"inLanguage\":\"es\",\"@id\":\"https:\/\/www.habitissimo.es\/procenter\/formacion\/analisis-de-casos-practicos-en-cubiertas-ventiladas\/#primaryimage\",\"url\":\"https:\/\/www.habitissimo.es\/procenter\/wp-content\/uploads\/2020\/11\/cabecera.jpg?wsr\",\"contentUrl\":\"https:\/\/www.habitissimo.es\/procenter\/wp-content\/uploads\/2020\/11\/cabecera.jpg?wsr\",\"width\":1469,\"height\":667},{\"@type\":\"BreadcrumbList\",\"@id\":\"https:\/\/www.habitissimo.es\/procenter\/formacion\/analisis-de-casos-practicos-en-cubiertas-ventiladas\/#breadcrumb\",\"itemListElement\":[{\"@type\":\"ListItem\",\"position\":1,\"name\":\"Inicio\",\"item\":\"https:\/\/www.habitissimo.es\/procenter\/\"},{\"@type\":\"ListItem\",\"position\":2,\"name\":\"Formaciones\",\"item\":\"https:\/\/www.habitissimo.es\/procenter\/formacion\/\"},{\"@type\":\"ListItem\",\"position\":3,\"name\":\"Construcci\u00f3n\",\"item\":\"https:\/\/www.habitissimo.es\/procenter\/formacion_cat\/construccion\/\"},{\"@type\":\"ListItem\",\"position\":4,\"name\":\"An\u00e1lisis de casos pr\u00e1cticos en cubiertas ventiladas\"}]},{\"@type\":\"WebSite\",\"@id\":\"https:\/\/www.habitissimo.es\/procenter\/#website\",\"url\":\"https:\/\/www.habitissimo.es\/procenter\/\",\"name\":\"Habitissimo\",\"description\":\"Reformas y Servicios para el Hogar\",\"publisher\":{\"@id\":\"https:\/\/www.habitissimo.es\/procenter\/#organization\"},\"potentialAction\":[{\"@type\":\"SearchAction\",\"target\":{\"@type\":\"EntryPoint\",\"urlTemplate\":\"https:\/\/www.habitissimo.es\/procenter\/?s={search_term_string}\"},\"query-input\":{\"@type\":\"PropertyValueSpecification\",\"valueRequired\":true,\"valueName\":\"search_term_string\"}}],\"inLanguage\":\"es\"},{\"@type\":\"Organization\",\"@id\":\"https:\/\/www.habitissimo.es\/procenter\/#organization\",\"name\":\"Habitissimo Pro Center\",\"url\":\"https:\/\/www.habitissimo.es\/procenter\/\",\"logo\":{\"@type\":\"ImageObject\",\"inLanguage\":\"es\",\"@id\":\"https:\/\/www.habitissimo.es\/procenter\/#\/schema\/logo\/image\/\",\"url\":\"https:\/\/www.habitissimo.es\/procenter\/wp-content\/uploads\/2020\/05\/logo_pro_center_tagline-1.png\",\"contentUrl\":\"https:\/\/www.habitissimo.es\/procenter\/wp-content\/uploads\/2020\/05\/logo_pro_center_tagline-1.png\",\"width\":243,\"height\":41,\"caption\":\"Habitissimo Pro Center\"},\"image\":{\"@id\":\"https:\/\/www.habitissimo.es\/procenter\/#\/schema\/logo\/image\/\"},\"sameAs\":[\"https:\/\/www.facebook.com\/habitissimo\/\",\"https:\/\/x.com\/habitissimo\",\"https:\/\/www.instagram.com\/habitissimo\",\"https:\/\/www.pinterest.com\/habitissimo\/\",\"https:\/\/www.youtube.com\/user\/habitissimo\"]}]}<\/script>\n<!-- \/ Yoast SEO plugin. -->","yoast_head_json":{"title":"An\u00e1lisis de casos pr\u00e1cticos en cubiertas ventiladas | Habitissimo","description":"Tejas Verea nos trae una formaci\u00f3n dirigida a profesionales de la construcci\u00f3n y la rehabilitaci\u00f3n con el objetivo de analizar las ventajas de la","robots":{"index":"index","follow":"follow","max-snippet":"max-snippet:-1","max-image-preview":"max-image-preview:large","max-video-preview":"max-video-preview:-1"},"canonical":"https:\/\/www.habitissimo.es\/procenter\/formacion\/analisis-de-casos-practicos-en-cubiertas-ventiladas\/","og_locale":"es_ES","og_type":"article","og_title":"An\u00e1lisis de casos pr\u00e1cticos en cubiertas ventiladas | Habitissimo","og_description":"Tejas Verea nos trae una formaci\u00f3n dirigida a profesionales de la construcci\u00f3n y la rehabilitaci\u00f3n con el objetivo de analizar las ventajas de la","og_url":"https:\/\/www.habitissimo.es\/procenter\/formacion\/analisis-de-casos-practicos-en-cubiertas-ventiladas\/","og_site_name":"Habitissimo","article_publisher":"https:\/\/www.facebook.com\/habitissimo\/","og_image":[{"width":1469,"height":667,"url":"https:\/\/www.habitissimo.es\/procenter\/wp-content\/uploads\/2020\/11\/cabecera.jpg","type":"image\/jpeg"}],"twitter_card":"summary_large_image","twitter_site":"@habitissimo","twitter_misc":{"Tiempo de lectura":"2 minutos"},"schema":{"@context":"https:\/\/schema.org","@graph":[{"@type":"WebPage","@id":"https:\/\/www.habitissimo.es\/procenter\/formacion\/analisis-de-casos-practicos-en-cubiertas-ventiladas\/","url":"https:\/\/www.habitissimo.es\/procenter\/formacion\/analisis-de-casos-practicos-en-cubiertas-ventiladas\/","name":"An\u00e1lisis de casos pr\u00e1cticos en cubiertas ventiladas | Habitissimo","isPartOf":{"@id":"https:\/\/www.habitissimo.es\/procenter\/#website"},"primaryImageOfPage":{"@id":"https:\/\/www.habitissimo.es\/procenter\/formacion\/analisis-de-casos-practicos-en-cubiertas-ventiladas\/#primaryimage"},"image":{"@id":"https:\/\/www.habitissimo.es\/procenter\/formacion\/analisis-de-casos-practicos-en-cubiertas-ventiladas\/#primaryimage"},"thumbnailUrl":"https:\/\/www.habitissimo.es\/procenter\/wp-content\/uploads\/2020\/11\/cabecera.jpg?wsr","datePublished":"2020-11-18T15:13:17+00:00","description":"Tejas Verea nos trae una formaci\u00f3n dirigida a profesionales de la construcci\u00f3n y la rehabilitaci\u00f3n con el objetivo de analizar las ventajas de la","breadcrumb":{"@id":"https:\/\/www.habitissimo.es\/procenter\/formacion\/analisis-de-casos-practicos-en-cubiertas-ventiladas\/#breadcrumb"},"inLanguage":"es","potentialAction":[{"@type":"ReadAction","target":["https:\/\/www.habitissimo.es\/procenter\/formacion\/analisis-de-casos-practicos-en-cubiertas-ventiladas\/"]}]},{"@type":"ImageObject","inLanguage":"es","@id":"https:\/\/www.habitissimo.es\/procenter\/formacion\/analisis-de-casos-practicos-en-cubiertas-ventiladas\/#primaryimage","url":"https:\/\/www.habitissimo.es\/procenter\/wp-content\/uploads\/2020\/11\/cabecera.jpg?wsr","contentUrl":"https:\/\/www.habitissimo.es\/procenter\/wp-content\/uploads\/2020\/11\/cabecera.jpg?wsr","width":1469,"height":667},{"@type":"BreadcrumbList","@id":"https:\/\/www.habitissimo.es\/procenter\/formacion\/analisis-de-casos-practicos-en-cubiertas-ventiladas\/#breadcrumb","itemListElement":[{"@type":"ListItem","position":1,"name":"Inicio","item":"https:\/\/www.habitissimo.es\/procenter\/"},{"@type":"ListItem","position":2,"name":"Formaciones","item":"https:\/\/www.habitissimo.es\/procenter\/formacion\/"},{"@type":"ListItem","position":3,"name":"Construcci\u00f3n","item":"https:\/\/www.habitissimo.es\/procenter\/formacion_cat\/construccion\/"},{"@type":"ListItem","position":4,"name":"An\u00e1lisis de casos pr\u00e1cticos en cubiertas ventiladas"}]},{"@type":"WebSite","@id":"https:\/\/www.habitissimo.es\/procenter\/#website","url":"https:\/\/www.habitissimo.es\/procenter\/","name":"Habitissimo","description":"Reformas y Servicios para el Hogar","publisher":{"@id":"https:\/\/www.habitissimo.es\/procenter\/#organization"},"potentialAction":[{"@type":"SearchAction","target":{"@type":"EntryPoint","urlTemplate":"https:\/\/www.habitissimo.es\/procenter\/?s={search_term_string}"},"query-input":{"@type":"PropertyValueSpecification","valueRequired":true,"valueName":"search_term_string"}}],"inLanguage":"es"},{"@type":"Organization","@id":"https:\/\/www.habitissimo.es\/procenter\/#organization","name":"Habitissimo Pro Center","url":"https:\/\/www.habitissimo.es\/procenter\/","logo":{"@type":"ImageObject","inLanguage":"es","@id":"https:\/\/www.habitissimo.es\/procenter\/#\/schema\/logo\/image\/","url":"https:\/\/www.habitissimo.es\/procenter\/wp-content\/uploads\/2020\/05\/logo_pro_center_tagline-1.png","contentUrl":"https:\/\/www.habitissimo.es\/procenter\/wp-content\/uploads\/2020\/05\/logo_pro_center_tagline-1.png","width":243,"height":41,"caption":"Habitissimo Pro Center"},"image":{"@id":"https:\/\/www.habitissimo.es\/procenter\/#\/schema\/logo\/image\/"},"sameAs":["https:\/\/www.facebook.com\/habitissimo\/","https:\/\/x.com\/habitissimo","https:\/\/www.instagram.com\/habitissimo","https:\/\/www.pinterest.com\/habitissimo\/","https:\/\/www.youtube.com\/user\/habitissimo"]}]}},"_links":{"self":[{"href":"https:\/\/www.habitissimo.es\/procenter\/wp-json\/wp\/v2\/formacion\/1929","targetHints":{"allow":["GET"]}}],"collection":[{"href":"https:\/\/www.habitissimo.es\/procenter\/wp-json\/wp\/v2\/formacion"}],"about":[{"href":"https:\/\/www.habitissimo.es\/procenter\/wp-json\/wp\/v2\/types\/formacion"}],"wp:featuredmedia":[{"embeddable":true,"href":"https:\/\/www.habitissimo.es\/procenter\/wp-json\/wp\/v2\/media\/1941"}],"wp:attachment":[{"href":"https:\/\/www.habitissimo.es\/procenter\/wp-json\/wp\/v2\/media?parent=1929"}],"wp:term":[{"taxonomy":"post_tag","embeddable":true,"href":"https:\/\/www.habitissimo.es\/procenter\/wp-json\/wp\/v2\/tags?post=1929"},{"taxonomy":"formacion_cat","embeddable":true,"href":"https:\/\/www.habitissimo.es\/procenter\/wp-json\/wp\/v2\/formacion_cat?post=1929"}],"curies":[{"name":"wp","href":"https:\/\/api.w.org\/{rel}","templated":true}]}}